{"version":"1.0","provider_name":"Constrastes","provider_url":"https:\/\/contrastes.com.co\/web","author_name":"Editor","author_url":"https:\/\/contrastes.com.co\/web\/author\/jdbobadilla\/","title":"Colombia es el segundo pa\u00eds m\u00e1s polarizado, seg\u00fan estudio - Constrastes","type":"rich","width":600,"height":338,"html":"<blockquote class=\"wp-embedded-content\" data-secret=\"ZAy8B2qmOY\"><a href=\"https:\/\/contrastes.com.co\/web\/2023\/01\/19\/12867-2\/\">Colombia es el segundo pa\u00eds m\u00e1s polarizado, seg\u00fan estudio<\/a><\/blockquote><iframe sandbox=\"allow-scripts\" security=\"restricted\" src=\"https:\/\/contrastes.com.co\/web\/2023\/01\/19\/12867-2\/embed\/#?secret=ZAy8B2qmOY\" width=\"600\" height=\"338\" title=\"\u00abColombia es el segundo pa\u00eds m\u00e1s polarizado, seg\u00fan estudio\u00bb \u2014 Constrastes\" data-secret=\"ZAy8B2qmOY\" frameborder=\"0\" marginwidth=\"0\" marginheight=\"0\" scrolling=\"no\" class=\"wp-embedded-content\"><\/iframe><script>\n\/*! This file is auto-generated *\/\n!function(d,l){\"use strict\";l.querySelector&&d.addEventListener&&\"undefined\"!=typeof URL&&(d.wp=d.wp||{},d.wp.receiveEmbedMessage||(d.wp.receiveEmbedMessage=function(e){var t=e.data;if((t||t.secret||t.message||t.value)&&!\/[^a-zA-Z0-9]\/.test(t.secret)){for(var s,r,n,a=l.querySelectorAll('iframe[data-secret=\"'+t.secret+'\"]'),o=l.querySelectorAll('blockquote[data-secret=\"'+t.secret+'\"]'),c=new RegExp(\"^https?:$\",\"i\"),i=0;i<o.length;i++)o[i].style.display=\"none\";for(i=0;i<a.length;i++)s=a[i],e.source===s.contentWindow&&(s.removeAttribute(\"style\"),\"height\"===t.message?(1e3<(r=parseInt(t.value,10))?r=1e3:~~r<200&&(r=200),s.height=r):\"link\"===t.message&&(r=new URL(s.getAttribute(\"src\")),n=new URL(t.value),c.test(n.protocol))&&n.host===r.host&&l.activeElement===s&&(d.top.location.href=t.value))}},d.addEventListener(\"message\",d.wp.receiveEmbedMessage,!1),l.addEventListener(\"DOMContentLoaded\",function(){for(var e,t,s=l.querySelectorAll(\"iframe.wp-embedded-content\"),r=0;r<s.length;r++)(t=(e=s[r]).getAttribute(\"data-secret\"))||(t=Math.random().toString(36).substring(2,12),e.src+=\"#?secret=\"+t,e.setAttribute(\"data-secret\",t)),e.contentWindow.postMessage({message:\"ready\",secret:t},\"*\")},!1)))}(window,document);\n\/\/# sourceURL=https:\/\/contrastes.com.co\/web\/wp-includes\/js\/wp-embed.min.js\n<\/script>\n","description":"La firma global de comunicaciones Edelman relev\u00f3 en el marco del Foro Econ\u00f3mico Mundial en Davos (Suiza) los resultados del estudio \u201cNavegando en un mundo polarizado\u201d, que revela que Colombia es uno de los seis pa\u00edses m\u00e1s polarizados del mundo, junto a Argentina, los Estados Unidos, Espa\u00f1a, Suecia y Sud\u00e1frica."}